{"id":709,"date":"2022-11-04T20:33:31","date_gmt":"2022-11-04T20:33:31","guid":{"rendered":"https:\/\/redcoral.la\/?page_id=709"},"modified":"2022-11-04T20:38:57","modified_gmt":"2022-11-04T20:38:57","slug":"juntas-logramos-mas","status":"publish","type":"page","link":"https:\/\/redcoral.la\/pt\/juntas-logramos-mas\/","title":{"rendered":"Juntas Conseguimos Mais"},"content":{"rendered":"<p><strong><a rel=\"noreferrer noopener\" href=\"https:\/\/juntaslogramosmas.lasandiadigital.org.mx\/\" target=\"_blank\">Juntas Logramos M\u00e1s<\/a>&nbsp;<\/strong>es una campa\u00f1a colaborativa lanzada en marzo 2020 por <a href=\"https:\/\/lasandiadigital.org.mx\/\" data-type=\"URL\" data-id=\"https:\/\/lasandiadigital.org.mx\/\" target=\"_blank\" rel=\"noreferrer noopener\">La Sand\u00eda Digital<\/a>,&nbsp;<a rel=\"noreferrer noopener\" href=\"https:\/\/semillas.org.mx\/\" target=\"_blank\">Fondo Semillas<\/a>&nbsp;y 30 organizaciones y comunidades que resisten a las violencias extractivistas en M\u00e9xico. Busca conectar a las mujeres defensoras y comunicadoras que luchan por los territorios a trav\u00e9s de los relatos, el arte y el autocuidado, para fortalecerlas y revalorizar su trabajo.<\/p>\n\n\n\n<figure class=\"wp-block-embed aligncenter is-type-video is-provider-vimeo wp-block-embed-vimeo\"><div class=\"wp-block-embed__wrapper\">\n<iframe loading=\"lazy\" title=\"Juntas Conseguimos Mais\" src=\"https:\/\/player.vimeo.com\/video\/395600027?dnt=1&amp;app_id=122963\" width=\"1290\" height=\"726\" frameborder=\"0\" allow=\"autoplay; fullscreen; picture-in-picture; clipboard-write\"><\/iframe>\n<\/div><\/figure>\n\n\n\n<figure class=\"wp-block-image alignleft size-large is-resized\"><img loading=\"lazy\" decoding=\"async\" src=\"https:\/\/redcoral.la\/wp-content\/uploads\/2022\/11\/fanzine-juntas-723x1024.png\" alt=\"\" class=\"wp-image-712\" width=\"263\" height=\"373\" srcset=\"https:\/\/redcoral.la\/wp-content\/uploads\/2022\/11\/fanzine-juntas-723x1024.png 723w, https:\/\/redcoral.la\/wp-content\/uploads\/2022\/11\/fanzine-juntas-212x300.png 212w, https:\/\/redcoral.la\/wp-content\/uploads\/2022\/11\/fanzine-juntas-768x1088.png 768w, https:\/\/redcoral.la\/wp-content\/uploads\/2022\/11\/fanzine-juntas-8x12.png 8w, https:\/\/redcoral.la\/wp-content\/uploads\/2022\/11\/fanzine-juntas.png 1059w\" sizes=\"auto, (max-width: 263px) 100vw, 263px\" \/><\/figure>\n\n\n\n<p>La campa\u00f1a se gest\u00f3 durante el \u00abEncuentro de mujeres: entrelazando relatos y territorios\u00bb, un espacio de reflexi\u00f3n y formaci\u00f3n que organizamos en noviembre 2019 en Guelatao, Oaxaca.&nbsp;En ese evento, se congregaron mujeres defensoras de los territorios y comunicadoras provenientes de 16 estados de M\u00e9xico quienes produjeron una serie creaciones audiovisuales, escritas y gr\u00e1ficas para comunicar su deseo de luchar por la vida.&nbsp;En 2021 y 2022, m\u00e1s mujeres se sumaron a la campa\u00f1a durante talleres presenciales organizados por La Sand\u00eda Digital en distintos territorios del pa\u00eds, a pesar de la pandemia.<\/p>\n\n\n\n<p><a rel=\"noreferrer noopener\" href=\"https:\/\/juntaslogramosmas.lasandiadigital.org.mx\/\" data-type=\"URL\" data-id=\"https:\/\/juntaslogramosmas.lasandiadigital.org.mx\/\" target=\"_blank\"><strong>Consulta la p\u00e1gina de la campa\u00f1a >>><\/strong><\/a><\/p>\n\n\n\n<p>El fanzine <a rel=\"noreferrer noopener\" href=\"https:\/\/juntaslogramosmas.lasandiadigital.org.mx\/herramientas-creativas-para-comunicar-nuestras-luchas\/\" target=\"_blank\"><strong>\u00abJuntas Logramos M\u00e1s: Herramientas creativas para comunicar nuestras luchas\u00bb <\/strong><\/a>es resultado de la voz, imaginaci\u00f3n y sentires de todas estas compa\u00f1eras que han explorado m\u00faltiples maneras de expresar sus sentires, pensares,&nbsp;necesidades y dificultades como&nbsp;defensoras y lideresas de acciones transformadoras.<\/p>","protected":false},"excerpt":{"rendered":"<p>Juntas Logramos M\u00e1s&nbsp;es una campa\u00f1a colaborativa lanzada en marzo 2020 por La Sand\u00eda Digital,&nbsp;Fondo Semillas&nbsp;y 30 organizaciones y comunidades que resisten a las violencias extractivistas en M\u00e9xico. Busca conectar a las mujeres defensoras y comunicadoras que luchan por los territorios a trav\u00e9s de los relatos, el arte y el autocuidado, para fortalecerlas y revalorizar su [&hellip;]<\/p>","protected":false},"author":1,"featured_media":0,"parent":0,"menu_order":0,"comment_status":"closed","ping_status":"closed","template":"","meta":{"footnotes":""},"class_list":["post-709","page","type-page","status-publish","hentry"],"blocksy_meta":[],"_links":{"self":[{"href":"https:\/\/redcoral.la\/pt\/wp-json\/wp\/v2\/pages\/709","targetHints":{"allow":["GET"]}}],"collection":[{"href":"https:\/\/redcoral.la\/pt\/wp-json\/wp\/v2\/pages"}],"about":[{"href":"https:\/\/redcoral.la\/pt\/wp-json\/wp\/v2\/types\/page"}],"author":[{"embeddable":true,"href":"https:\/\/redcoral.la\/pt\/wp-json\/wp\/v2\/users\/1"}],"replies":[{"embeddable":true,"href":"https:\/\/redcoral.la\/pt\/wp-json\/wp\/v2\/comments?post=709"}],"version-history":[{"count":5,"href":"https:\/\/redcoral.la\/pt\/wp-json\/wp\/v2\/pages\/709\/revisions"}],"predecessor-version":[{"id":717,"href":"https:\/\/redcoral.la\/pt\/wp-json\/wp\/v2\/pages\/709\/revisions\/717"}],"wp:attachment":[{"href":"https:\/\/redcoral.la\/pt\/wp-json\/wp\/v2\/media?parent=709"}],"curies":[{"name":"wp","href":"https:\/\/api.w.org\/{rel}","templated":true}]}}